{"id":2,"date":"2011-04-18T22:17:23","date_gmt":"2011-04-18T22:17:23","guid":{"rendered":"http:\/\/luisteixeira.org\/Myblog\/?page_id=2"},"modified":"2021-02-20T12:05:16","modified_gmt":"2021-02-20T12:05:16","slug":"mycv","status":"publish","type":"page","link":"http:\/\/luisteixeira.org\/Myblog\/mycv\/","title":{"rendered":"Curriculum Vitae"},"content":{"rendered":"<!-- Chitika - WordPress Plugin 2.2--><div class='chitika-adspace above'>\n<script type='text\/javascript'>\n  ( function() {\n    if (window.CHITIKA === undefined) {\n      window.CHITIKA = { 'units' : [] };\n    };\n    var unit = {\n      'publisher'       : 'themaskedwolf',\n      'width'           : 550,\n      'height'          : 250,\n      'sid'             : \"wordpress-plugin above\",\n      'color_site_link' : '0000CC',\n      'color_title'     : '0000CC',\n      'color_text'      : '000000',\n      'color_bg'        : 'ffffff',\n      'font_title'      : 'Arial',\n      'font_text'       : 'Arial',\n      'impsrc'          : 'wordpress',\n      'calltype'        : 'async[2]'\n    };\n    var placement_id = window.CHITIKA.units.length;\n    window.CHITIKA.units.push(unit);\n    var x = \"<di\" + \"v id='chitikaAdBlock-\"+placement_id+\"'><\/di\"+\"v>\";\n    document.write(x);\n}());\n<\/script>\n<script type=\"text\/javascript\" src=\"\/\/cdn.chitika.net\/getads.js\" async><\/script>\n<\/div>\n<p><\/p>\n<h1>Curriculum Vitae<\/h1>\n<p>Uma vers\u00e3o mais completa pode ser encontrada <a href=\"http:\/\/luisteixeira.org\/Myblog\/wp-content\/uploads\/2013\/11\/MyCV2013pt.pdf\">aqui<\/a>. A listagem das minhas publica\u00e7\u00f5es pode ser consultada em <a title=\"Publica\u00e7\u00f5es\" href=\"http:\/\/luisteixeira.org\/Myblog\/publicacoes\/\">publica\u00e7\u00f5es<\/a>. Se procura por refer\u00eancias, veja esta <a title=\"Refer\u00eancias\" href=\"http:\/\/luisteixeira.org\/Myblog\/referencias\/\">p\u00e1gina<\/a>.<\/p>\n<h2><strong>Principais \u00e1reas de interesse<\/strong><\/h2>\n<p>Pesquisa &amp; Desenvolvimento (I&amp;D) de sistemas e aplica\u00e7\u00f5es com tecnologias de ponta.<\/p>\n<p>Mais em detalhe, posso dizer que me interesso pelos seguintes sub-t\u00f3picos:<\/p>\n<ul>\n<li>Extrac\u00e7\u00e3o Autom\u00e1tica de T\u00f3picos de Documentos e assuntos relacionados ( tema da Tese de Mestrado );<\/li>\n<li>Sistemas de Recomenda\u00e7\u00e3o e de Apoio \u00e0 Decis\u00e3o;<\/li>\n<li>HCI (Human Computer Interaction);<\/li>\n<li>Space Technologies and Applications;<\/li>\n<li>Data Mining and Knowledge Discovery;<\/li>\n<li>Software Design, Development and Life Cycle;<\/li>\n<\/ul>\n<h2><strong>Experi\u00eancia Profissional<\/strong><\/h2>\n<ul>\n<li><strong>Consultor S\u00e9nior I na Closer : Novembro de 2013 at\u00e9 \u00e0 Presente Data<\/strong><\/li>\n<li><strong>Consultor Externo no BNP paribas Sec. Serv. : Novembro de 2013 at\u00e9 \u00e0 Presente Data<\/strong>\n\t<\/li>\n<\/ul>\n<h2><strong>Experi\u00eancia Profissional Anterior<\/strong><\/h2>\n<p>Durante os meses compreendidos entre Julho 2013 e Novembro de 2013 tive a sorte e prazer em colaborar com a Centro de Inform\u00e1tica do Instituto Superior de Agronomia. Onde conseguimos criar um excelente prot\u00f3tipo funcional Projecto \u201cISA Security Watcher\u201d  que entrou em produ\u00e7\u00e3o. <\/p>\n<ul>\n<li><strong>Projecto \u201cISA Information System\u201d <\/strong>&#8211; Software and Development Engineer: Julho 2013 &#8211; Novembro de 2013\n<ul>\n<li>Principais actividades e responsabilidades<strong> (em constante evolu\u00e7\u00e3o)<\/strong>:\n<ul>\n<li>Participa\u00e7\u00e3o na discuss\u00e3o da melhor arquitectura a escolher para adoptar no projecto.<\/li>\n<li>Participa\u00e7\u00e3o nas reuni\u00f5es com Stackeholders do Sistema<\/li>\n<li>Levantamento de Requisitos Funcionais e N\u00e3o funcionais para o desenvolvimento de m\u00f3dulos.<\/li>\n<li>Realiza\u00e7\u00e3o de Documenta\u00e7\u00e3o em Word e Excel.<\/li>\n<ul>\n<li>Realiza\u00e7\u00e3o de relat\u00f3rios t\u00e9cnicos sobre a evolu\u00e7\u00e3o do Projecto.<\/li>\n<\/ul>\n<li>Integra\u00e7\u00e3o de M\u00f3dulos desenvolvidos em Sistemas existentes.<\/li>\n<\/ul>\n<\/li>\n<\/ul>\n<\/li>\n<\/ul>\n<ul>\n<li><strong>Projecto \u201cISA Security Watcher\u201d <\/strong>&#8211; Software and Development Engineer: Julho de 2013 &#8211; Novembro de 2013 <strong>Projecto concluido com resultados muito positivos.<\/strong>\n<ul>\n<li>Principais actividades e responsabilidades:\n<ul>\n<li>Participa\u00e7\u00e3o na discuss\u00e3o da melhor arquitectura a escolher para adoptar no projecto.<\/li>\n<li>Levantamento de Requisitos Funcionais e N\u00e3o funcionais para o desenvolvimento de m\u00f3dulos.<\/li>\n<li>Desenvolver Software (Aplica\u00e7\u00f5es Web) em Javascript (plataforma Sencha ExtJS 4) e php.<\/li>\n<li>Realiza\u00e7\u00e3o de Documenta\u00e7\u00e3o em Word e Excel.<\/li>\n<ul>\n<li>Realiza\u00e7\u00e3o de Techical Reports sobre a evolu\u00e7\u00e3o do Projecto.<\/li>\n<li>Cria\u00e7\u00e3o do Documento de Testes a realizar no Sistema do Projecto.<\/li>\n<li>Elabora\u00e7\u00e3o do Manual de utilizador da Interface do Projecto\/Sistema.<\/li>\n<\/ul>\n<li>Testes de Software em ambiente Windows e Linux.<\/li>\n<li>Investiga\u00e7\u00e3o de Solu\u00e7\u00f5es Inovadoras para novos desafios.<\/li>\n<li>Integra\u00e7\u00e3o de M\u00f3dulos desenvolvidos em Sistemas existentes.<\/li>\n<\/ul>\n<\/li>\n<\/ul>\n<\/li>\n<\/ul>\n<p>De Agosto de 2011 a Maio de 1013 participei num projecto realizado no \u201cCITI &#8211; Center of Informatics and Information Technology\u201d do Departamento de Inform\u00e1tica da Faculdade de Ci\u00eancias e Tecnologias da Universidade Nova de Lisboa. Abaixo descrevo sucintamente este projecto, e quais as minhas responsabilidades no mesmo.<\/p>\n<ul>\n<li><strong>Projecto \u201cISTRION\u201d <\/strong>&#8211; Research and Development Engineer: Agosto de 2011- Maio 2013.\n<ul>\n<li>Principais actividades e responsabilidades:\n<ul>\n<li>Levantamento de Requisitos Funcionais e N\u00e3o funcionais para o desenvolvimento de m\u00f3dulos.<\/li>\n<li>Desenvolver Software (Aplica\u00e7\u00f5es Web) em Javascript (plataforma Sencha ExtJS 4) e php.<\/li>\n<li>Testes de Software em ambiente Windows e Linux.<\/li>\n<li>Realiza\u00e7\u00e3o de Documenta\u00e7\u00e3o em Word e Excel.<\/li>\n<li>Investiga\u00e7\u00e3o de Solu\u00e7\u00f5es Inovadoras para novos problemas.<\/li>\n<li>Integra\u00e7\u00e3o de M\u00f3dulos desenvolvidos em Sistemas existentes.<\/li>\n<li>Manuten\u00e7\u00e3o de Sistemas existentes em Java.<\/li>\n<\/ul>\n<\/li>\n<\/ul>\n<\/li>\n<\/ul>\n<p>De Fevereiro de 2008 at\u00e9 \u00e0 Julho de 2011, desenvolvi a minha actividade profissional no \u00e2mbito de Investiga\u00e7\u00e3o Cientifica, no grupo<a href=\"http:\/\/www.uninova.pt\/ca3\/\">CA3 &#8211; Computational Intelligence Research Group<\/a> &#8211; UNINOVA \/ CTS. Trata-se de um Centro de Investiga\u00e7\u00e3o Cient\u00edfica que trabalha na \u00e1rea de Tecnologias de Informa\u00e7\u00e3o e Desenvolvimento de Software.<\/p>\n<p>Assim, a minha contribui\u00e7\u00e3o no CA3 foi a seguinte:<\/p>\n<ul>\n<li><strong>Projecto \u201cBRAINMAP&#8221;<\/strong>&#8211; Research Engineer e Tecnhology Manager: Dezembro 2010 &#8211; Julho de 2011\n<ul>\n<li>Principais actividades e responsabilidades:\n<ul>\n<li>Desenvolver Software em Java (5 prot\u00f3tipos funcionais), utiliza\u00e7\u00e3o plataforma de desenvolvimento Eclipse e Netbeans;<\/li>\n<li>Base de Dados MySQl, XML.<\/li>\n<li>Realiza\u00e7\u00e3o de Documenta\u00e7\u00e3o em Word e Excel<\/li>\n<\/ul>\n<\/li>\n<\/ul>\n<\/li>\n<\/ul>\n<ul>\n<li><strong>Projecto \u201cSEISOP &#8211; Space Environment Information System for Operations\u201d<\/strong>&#8211; Research Engineer:Setembro 2008 \u2013 Dezembro 2010\n<ul>\n<li>Principais actividades e responsabilidades:\n<ul>\n<li>Desenvolver Software em Java, utiliza\u00e7\u00e3o plataforma de desenvolvimentos eclipse;<\/li>\n<li>Estudos de desenvolvimento em eclipse RCP;<\/li>\n<li>Implementa\u00e7\u00e3o de web services.<\/li>\n<li>Desenvolver Software em .NET, especificamente Vb.net e C#.net.<\/li>\n<li>Realiza\u00e7\u00e3o de Documenta\u00e7\u00e3o em Word e Excel<\/li>\n<\/ul>\n<\/li>\n<\/ul>\n<\/li>\n<\/ul>\n<ul>\n<li><strong>Projecto \u201cCERTAIN &#8211; CryoSat Event Reporting Tool for Analysis and Investigation\u201d<\/strong>&#8211; Research Engineer:Fevereiro 2008 &#8211; Novembro 2008\n<ul>\n<li>Principais actividades e responsabilidades:\n<ul>\n<li>Desenvolver Software em Java (inluindo componentes gr\u00e1ficas Swing)<\/li>\n<li>Refactoriza\u00e7\u00e3o de C\u00f3digo existente, modularizando os v\u00e1rios componentes.<\/li>\n<li>Manuseamento de Base de Dados em MySql a n\u00edvel de Administra\u00e7\u00e3o e de utiliza\u00e7\u00e3o.<\/li>\n<li>Realiza\u00e7\u00e3o de Documenta\u00e7\u00e3o em Word e Excel<\/li>\n<\/ul>\n<\/li>\n<\/ul>\n<\/li>\n<\/ul>\n<p><!-- &nbsp;  --><\/p>\n<h2>Educa\u00e7\u00e3o e Forma\u00e7\u00e3o<\/h2>\n<ul>\n<li><strong>Obten\u00e7\u00e3o do Grau de Mestre em Engenharia Inform\u00e1tica (2008-2010)<\/strong>\n<ul>\n<li><a href=\"http:\/\/www.fct.unl.pt\/\">Obtido na Faculdade de Ci\u00eancias e Tecnologia da Universidade Nova de Lisboa<\/a>, com uma m\u00e9dia final de 14 Valores.\n<ul>\n<li>Disserta\u00e7\u00e3o entitulada &#8220;Extrac\u00e7\u00e3o Autom\u00e1tica de T\u00f3picos de Documentos&#8221; com uma nota de 16 Valores.<\/li>\n<li>Permitiu a obten\u00e7\u00e3o de uma forma\u00e7\u00e3o mais s\u00f3lida e especializada, tendo como base a forma\u00e7\u00e3o em Engenharia Inform\u00e1tica previamente obtida na Licenciatura.<\/li>\n<li>Propicia uma estrutura curricular mais completa e flex\u00edvel E uma prepara\u00e7\u00e3o mais forte para liderar projectos.<\/li>\n<\/ul>\n<\/li>\n<\/ul>\n<\/li>\n<\/ul>\n<ul>\n<li><strong>Obten\u00e7\u00e3o do Grau de Licenciado em Engenharia Inform\u00e1tica (2000-2008)<\/strong>\n<ul>\n<li><a href=\"http:\/\/www.fct.unl.pt\/\">Obtido na Faculdade de Ci\u00eancias e Tecnologia da Universidade Nova de Lisboa<\/a>, com uma m\u00e9dia final de 12 Valores.\n<ul>\n<li>Conhecimento especializado (domin\u00edo do estado de arte);<\/li>\n<li>Lidar com sistemas complexos(componentes e integra\u00e7\u00e3o, componente social);<\/li>\n<li>Projectos aut\u00f3nomos e em equipa, Relato, apresenta\u00e7\u00e3o e discuss\u00e3o de temas, autonomia de aprendizagem e atitude de inova\u00e7\u00e3o e empreendorismo.<\/li>\n<\/ul>\n<\/li>\n<\/ul>\n<\/li>\n<\/ul>\n<ul>\n<li><strong>Curso de Forma\u00e7\u00e3o Pedag\u00f3gica Inicial de Formadores<\/strong>\n<ul>\n<li>Homolgado pelo IEFP (Fevereiro de 2009)<\/li>\n<li>Realizado no CDC &#8211; Centro de Diversifica\u00e7\u00e3o Curricular da UNINOVA &#8211; Instituto de Desenvolvimentode Novas Tecnologias pela entidade de Forma\u00e7\u00e3o NHK \u2013 Forma\u00e7\u00e3o e Novas Tecnologias Unipessoal Lda.<\/li>\n<li>Obtendo a classifica\u00e7\u00e3o de Totalmente Suficiente.<\/li>\n<\/ul>\n<\/li>\n<\/ul>\n<ul>\n<li><strong>Escola de Ver\u00e3o<a href=\"http:\/\/lxmls.it.pt\/Home.html\"> LXMLS 2012 &#8211; Taming the Social Web<\/a><\/strong>\n<ul>\n<li>Realizado no IST (Instituto Superior T\u00e9cnico)<\/li>\n<li>Curso Intensivo focado essencialmente em Aprendizagem Autom\u00e1tica na vertente de Processamento de L\u00edngua Natural.<\/li>\n<\/ul>\n<p><!-- &nbsp;  --><\/p>\n<h2>Aptid\u00f5es e compet\u00eancias pessoais<\/h2>\n<p>Ao longo dos anos acad\u00e9micos, tive o previl\u00e9gio de participar na organiza\u00e7\u00e3o de alguns eventos, uns como organizador noutros como volunt\u00e1rio. Tive tamb\u00e9m a consci\u00eancia de trabalhar em prol de um melhor curso de Eng. Inform\u00e1tica dando a minha opini\u00e3o e argumentos participando nas comiss\u00f5es pedag\u00f3gicas do curso, e tamb\u00e9m da faculdade. Segue-se um resumo destas actividades.<\/p>\n<ul>\n<ul>\n<li><strong>Participa\u00e7\u00e3o no Encontro &#8220;Antecipar o Futuro\/ Gerir a Mudan\u00e7a&#8221; FCT-UNL 2007<\/strong><\/li>\n<\/ul>\n<\/ul>\n<p><!-- &nbsp;  --><\/p>\n<ul>\n<ul>\n<li><strong>Membro da Comiss\u00e3o Pedag\u00f3gica da Licenciatura em Eng. Inform\u00e1tica<\/strong> em 2004\/2005,2005\/2006, 2006\/2007 e 2007\/2008.<\/li>\n<\/ul>\n<\/ul>\n<p><!-- &nbsp;  --><\/p>\n<ul>\n<ul>\n<li><strong>Representante na comiss\u00e3o Pedag\u00f3gica da Faculdade de Ci\u00eancias e Tecnologia da Universidade Nova de Lisboa<\/strong> 2005\/2006, 2006\/2007 e 2007\/2008<\/li>\n<\/ul>\n<\/ul>\n<p><!-- &nbsp;  --><\/p>\n<ul>\n<ul>\n<li><strong>Expo FCT 2007\/2008\/ 2009<\/strong>&#8211; Faculdade de Ci\u00eancias e Tecnologia da Universidade Nova de Lisboa\n<ul>\n<li>Volunt\u00e1rio na Organiza\u00e7\u00e3o do Departamento de Inform\u00e1tica da Expo FCT 2007\/2008\/2009 e <strong>Guia na Expo FCT 2007 e 2008<\/strong> <\/li>\n<ul>\n<li>Respons\u00e1vel pela Recep\u00e7\u00e3o dos visitantes ao Departamento de Inform\u00e1tica, forte componente de comunica\u00e7\u00e3o com o p\u00fablico.<\/li>\n<li>Volunt\u00e1rio na organiza\u00e7\u00e3o das Demonstra\u00e7\u00f5es do Departamento de Inform\u00e1tica.<\/li>\n<\/ul>\n<\/li>\n<\/ul>\n<\/li>\n<\/ul>\n<\/ul>\n<p><!-- &nbsp;  --><\/p>\n<ul>\n<ul>\n<li><strong>Membro da Organiza\u00e7\u00e3o das JORTEC\/2007 e 2008<\/strong>\u2013 Jornadas Tecnol\u00f3gicas da Faculdade de Ci\u00eancias e Tecnologia da Universidade Nova de Lisboa.\n<ul>\n<li>Organiza\u00e7\u00e3o do dia de abertura das JORTEC, sobre os temas  \u201dProcessamento e S\u00edntese de Imagem\u201d e \u201dGrid-Computing e Digital Media\u201d<\/li>\n<\/ul>\n<\/li>\n<\/ul>\n<\/ul>\n<p><!-- &nbsp;  --><\/p>\n<ul>\n<ul>\n<li><strong>Semana Aberta 2005 e 2006 \u2013 Faculdade de Ci\u00eancias e Tecnologia da Universidade Nova de Lisboa<\/strong>\n<ul>\n<li>Demonstra\u00e7\u00f5es de Realidade Aumentada e de outras \u00e1reas cient\u00edficas, Incluindo aplica\u00e7\u00f5es criadas para o efeito, contendo por isso uma forte componente de comunica\u00e7\u00e3o com o p\u00fablico.<\/li>\n<\/ul>\n<\/li>\n<\/ul>\n<\/ul>\n<p><!-- &nbsp;  --><\/p>\n<ul>\n<ul>\n<li><strong>Organiza\u00e7\u00e3o do evento e-CIIA (Excel\u00eancia \u2013 Centros de Investiga\u00e7\u00e3o e Intelig\u00eancia Artificial)<\/strong>\n<\/li>\n<\/ul>\n<\/ul>\n<p>&nbsp;<\/p>\n<p style=\"text-align: center;\"><strong>Qualquer informa\u00e7\u00e3o adicional, n\u00e3o hesite em contactar-me.<\/strong><\/p>\n<p style=\"text-align: center;\">lst<a href=\"http:\/\/www.google.com\/recaptcha\/mailhide\/d?k=019E04HH5yGpgFS8ByKX0WFA==&amp;c=-b_7XlVHfRUKwN8l_JOrMXuHDI-oiT_w8MUgSm4qe2g=\" onclick=\"window.open('http:\/\/www.google.com\/recaptcha\/mailhide\/d?k\\075019E04HH5yGpgFS8ByKX0WFA\\75\\75\\46c\\75-b_7XlVHfRUKwN8l_JOrMXuHDI-oiT_w8MUgSm4qe2g\\075', '', 'toolbar=0,scrollbars=0,location=0,statusbar=0,menubar=0,resizable=0,width=500,height=300'); return false;\" title=\"Reveal this e-mail address\">&#8230;<\/a>teixeira.org<\/p>\n<p><\/p>\n\n<!-- Facebook Like Button v1.9.6 BEGIN [http:\/\/blog.bottomlessinc.com] -->\n<iframe src=\"http:\/\/www.facebook.com\/plugins\/like.php?href=http%3A%2F%2Fluisteixeira.org%2FMyblog%2Fmycv%2F&amp;layout=button_count&amp;show_faces=true&amp;width=450&amp;action=like&amp;colorscheme=light\" scrolling=\"no\" frameborder=\"0\" allowTransparency=\"true\" style=\"border:none; overflow:hidden; width:450px; height: 60px; align: left; margin: 2px 0px 2px 0px\"><\/iframe>\n<!-- Facebook Like Button END -->","protected":false},"excerpt":{"rendered":"<p>Curriculum Vitae Uma vers\u00e3o mais completa pode ser encontrada aqui. A listagem das minhas publica\u00e7\u00f5es pode ser consultada em publica\u00e7\u00f5es. Se procura por refer\u00eancias, veja esta p\u00e1gina. Principais \u00e1reas de interesse Pesquisa &amp; Desenvolvimento (I&amp;D) de sistemas e aplica\u00e7\u00f5es com <a class=\"more-link\" href=\"http:\/\/luisteixeira.org\/Myblog\/mycv\/\">Continue reading <span class=\"screen-reader-text\">  Curriculum Vitae<\/span><span class=\"meta-nav\">&rarr;<\/span><\/a><\/p>\n","protected":false},"author":1,"featured_media":0,"parent":0,"menu_order":1,"comment_status":"closed","ping_status":"closed","template":"","meta":{"footnotes":""},"class_list":["post-2","page","type-page","status-publish","hentry"],"_links":{"self":[{"href":"http:\/\/luisteixeira.org\/Myblog\/wp-json\/wp\/v2\/pages\/2","targetHints":{"allow":["GET"]}}],"collection":[{"href":"http:\/\/luisteixeira.org\/Myblog\/wp-json\/wp\/v2\/pages"}],"about":[{"href":"http:\/\/luisteixeira.org\/Myblog\/wp-json\/wp\/v2\/types\/page"}],"author":[{"embeddable":true,"href":"http:\/\/luisteixeira.org\/Myblog\/wp-json\/wp\/v2\/users\/1"}],"replies":[{"embeddable":true,"href":"http:\/\/luisteixeira.org\/Myblog\/wp-json\/wp\/v2\/comments?post=2"}],"version-history":[{"count":78,"href":"http:\/\/luisteixeira.org\/Myblog\/wp-json\/wp\/v2\/pages\/2\/revisions"}],"predecessor-version":[{"id":1178,"href":"http:\/\/luisteixeira.org\/Myblog\/wp-json\/wp\/v2\/pages\/2\/revisions\/1178"}],"wp:attachment":[{"href":"http:\/\/luisteixeira.org\/Myblog\/wp-json\/wp\/v2\/media?parent=2"}],"curies":[{"name":"wp","href":"https:\/\/api.w.org\/{rel}","templated":true}]}}